{"id":7909,"date":"2019-02-19T13:43:20","date_gmt":"2019-02-19T13:43:20","guid":{"rendered":"https:\/\/ttm.it\/privacy\/"},"modified":"2019-03-05T08:47:10","modified_gmt":"2019-03-05T08:47:10","slug":"privacy","status":"publish","type":"page","link":"https:\/\/ttm.it\/es\/privacy\/","title":{"rendered":"Privacy"},"content":{"rendered":"[vc_row type=\u00bbfull_width_background\u00bb full_screen_row_position=\u00bbmiddle\u00bb bg_color=\u00bb#f2f2f2&#8243; scene_position=\u00bbcenter\u00bb text_color=\u00bbdark\u00bb text_align=\u00bbleft\u00bb top_padding=\u00bb10%\u00bb bottom_padding=\u00bb5%\u00bb overlay_strength=\u00bb0.5&#8243; shape_divider_position=\u00bbbottom\u00bb bg_image_animation=\u00bbnone\u00bb parallax_bg=\u00bbtrue\u00bb parallax_bg_speed=\u00bbfast\u00bb shape_type=\u00bb\u00bb][vc_column column_padding=\u00bbno-extra-padding\u00bb column_padding_position=\u00bball\u00bb background_color_opacity=\u00bb1&#8243; background_hover_color_opacity=\u00bb1&#8243; column_link_target=\u00bb_self\u00bb column_shadow=\u00bbnone\u00bb column_border_radius=\u00bbnone\u00bb width=\u00bb1\/1&#8243; tablet_width_inherit=\u00bbdefault\u00bb tablet_text_alignment=\u00bbdefault\u00bb phone_text_alignment=\u00bbdefault\u00bb column_border_width=\u00bbnone\u00bb column_border_style=\u00bbsolid\u00bb bg_image_animation=\u00bbnone\u00bb][vc_custom_heading text=\u00bbPrivacy\u00bb font_container=\u00bbtag:h2|text_align:center\u00bb use_theme_fonts=\u00bbyes\u00bb][\/vc_column][\/vc_row][vc_row type=\u00bbfull_width_content\u00bb full_screen_row_position=\u00bbmiddle\u00bb bg_color=\u00bb#ffffff\u00bb scene_position=\u00bbcenter\u00bb text_color=\u00bbdark\u00bb text_align=\u00bbleft\u00bb overlay_strength=\u00bb0.3&#8243; shape_divider_position=\u00bbbottom\u00bb bg_image_animation=\u00bbnone\u00bb][vc_column column_padding=\u00bbno-extra-padding\u00bb column_padding_position=\u00bball\u00bb background_color_opacity=\u00bb1&#8243; background_hover_color_opacity=\u00bb1&#8243; column_link_target=\u00bb_self\u00bb column_shadow=\u00bbnone\u00bb column_border_radius=\u00bbnone\u00bb width=\u00bb1\/6&#8243; tablet_width_inherit=\u00bbdefault\u00bb tablet_text_alignment=\u00bbdefault\u00bb phone_text_alignment=\u00bbdefault\u00bb column_border_width=\u00bbnone\u00bb column_border_style=\u00bbsolid\u00bb bg_image_animation=\u00bbnone\u00bb offset=\u00bbvc_hidden-sm vc_hidden-xs\u00bb][\/vc_column][vc_column column_padding=\u00bbpadding-7-percent\u00bb column_padding_position=\u00bball\u00bb background_color_opacity=\u00bb1&#8243; background_hover_color_opacity=\u00bb1&#8243; column_link_target=\u00bb_self\u00bb column_shadow=\u00bbnone\u00bb column_border_radius=\u00bbnone\u00bb width=\u00bb2\/3&#8243; tablet_width_inherit=\u00bbdefault\u00bb tablet_text_alignment=\u00bbdefault\u00bb phone_text_alignment=\u00bbdefault\u00bb column_border_width=\u00bbnone\u00bb column_border_style=\u00bbsolid\u00bb bg_image_animation=\u00bbnone\u00bb][vc_column_text]\n<div id=\"credit\">\n<p><strong>Informativa consignada con arreglo al decreto legislativo del GDPR 2016\/679 \u00abC\u00d3DIGO DE LA PRIVACIDAD\u00bb\u201c<\/strong><\/p>\n<p>Con arreglo al art. 13, Decreto Legislativo del GDPR 2016\/679, INFORMAMOS que nuestra sociedad TTM srl \/ GmbH trata datos personales de clientes y proveedores y de sujetos que comunican voluntariamente (por tel\u00e9fono o por fax o correo electr\u00f3nico) sus propios datos personales a nuestra oficina comercial o a la direcci\u00f3n de la empresa, y de sujetos cuyos datos han sido obtenidos de terceros en ocasi\u00f3n, por ejemplo, de operaciones de adquisici\u00f3n de datos externos para informaciones comerciales, listas p\u00fablicas, etc., en el \u00faltimo caso se trata exclusivamente de datos personales de naturaleza com\u00fan.<\/p>\n<p>Nuestra sociedad garantiza, en cumplimiento de las disposiciones de la ley, que el tratamiento de los datos personales se efect\u00faa respetando los derechos de las libertades fundamentales, as\u00ed como la dignidad del interesado, con especial referencia a la confidencialidad, la identidad personal y el derecho a la protecci\u00f3n de los datos personales.<\/p>\n<p><strong>Finalidad del tratamiento.<\/strong><\/p>\n<p>Cumplir con las obligaciones establecidas por las leyes, los reglamentos y la normativa comunitaria, y las normas del derecho civil y tributario Cumplir con las eventuales obligaciones contractuales en relaci\u00f3n al interesado Cumplir las actividades relacionadas con la actividad econ\u00f3mica de nuestra sociedad, como la elaboraci\u00f3n de datos y estad\u00edsticas internas, para la facturaci\u00f3n, la tenedur\u00eda de la contabilidad clientes-proveedores Finalidades de tipo comercial, como env\u00edo de informaciones comerciales y material publicitario (por correo, fax y e-mail), de marketing y estudios de mercado La tutela de los cr\u00e9ditos y la gesti\u00f3n de las deudas Finalidades de seguros, en particular la aseguraci\u00f3n de los cr\u00e9ditos<\/p>\n<p><strong>En relaci\u00f3n a las finalidades anteriores, sus datos personales ser\u00e1n comunicados si es necesario.<\/strong><\/p>\n<p>A las administraciones p\u00fablicas y autoridades, cuando est\u00e9 previsto por le ley A instituciones bancarias con las cuales nuestra empresa mantiene relaciones para la gesti\u00f3n de los cr\u00e9ditos\/deudas y la intermediaci\u00f3n financiera A todas las personas f\u00edsicas y\/o jur\u00eddicas, p\u00fablicas y\/o privadas (estudios de asesor\u00eda legal,\u00a0 administrativa y fiscal, oficinas judiciales, C\u00e1maras de Comercio, etc.), cuando la comunicaci\u00f3n sea necesaria o funcional al desempe\u00f1o de nuestras actividades y en los modos y para las finalidades arriba indicadas<\/p>\n<p><strong>Los datos personales tratados por nuestra sociedad no est\u00e1n sujetos a difusi\u00f3n.<\/strong><\/p>\n<p>El tratamiento podr\u00e1 efectuarse con o sin la ayuda de medios electr\u00f3nicos, y de todos modos automatizados y comprender\u00e1 todas las operaciones previstas en la art. 4 apartado 1, letra a, del Decreto Legislativo del 30 de junio de 2003 n.\u00ba 196 y necesarias para el tratamiento en cuesti\u00f3n. De todos modos, el tratamiento ser\u00e1 efectuado en la observancia de todas las medidas de cautela necesarias para garantizar su seguridad y confidencialidad.<\/p>\n<p>El C\u00f3digo de la Privacidad otorga a los interesados el ejercicio de derechos espec\u00edficos previstos por el art. 7. En particular puede obtener del titular, la confirmaci\u00f3n de la existencia o no de datos personales que lo conciernan y su comunicaci\u00f3n en forma inteligible. El interesado puede pedir asimismo conocer el origen de los datos, las finalidades y modalidades del tratamiento as\u00ed como la l\u00f3gica aplicada en caso de tratamiento efectuado con la ayuda de instrumentos electr\u00f3nicos, la identificaci\u00f3n de los extremos identificativos del titular, de los responsables nombrados y de los sujetos y categor\u00edas de sujetos a los cales los datos pueden ser comunicados o que pueden llegar a tener conocimiento de los mismos.<\/p>\n<p>El interesado tiene el derecho de obtener la actualizaci\u00f3n, la rectificaci\u00f3n, la integraci\u00f3n, la cancelaci\u00f3n, la transformaci\u00f3n en forma an\u00f3nima o el bloqueo de los datos tratados en violaci\u00f3n de la ley. El interesado tiene derecho a oponerse, en todo o en parte, por motivos leg\u00edtimos, al tratamiento de los datos personales que lo conciernen, a\u00fan cuando sean pertinentes al objeto de la recolecci\u00f3n, y sin motivo al tratamiento que lo concierne, a los efectos de env\u00edo de material publicitario y de venta directa o para el cumplimiento de estudios de mercado o de comunicaci\u00f3n comercial. Los derechos en cuesti\u00f3n pueden ser ejercidos tambi\u00e9n a trav\u00e9s de un encargado Dr. Leo Karl Otto Berger Via Pineta 102\/A 39026 &#8211; Prato a St. (Bz), con carta certificada o e-mail a la direcci\u00f3n: <a href=\"mailto:info@ttm.it\">info@ttm.it<\/a> geltend gemacht werden.<\/p>\n<p>El titular del tratamiento en objeto es:<br \/>\n<strong>TTM srl \/ GmbH &#8211; in en la persona del representant Dr. Leo Karl Otto Berger, TTM srl \/ GmbH, Via Pineta 102\/A 39026 &#8211; Prato a St. (Bz).<\/strong><\/p>\n<\/div>\n[\/vc_column_text][\/vc_column][vc_column column_padding=\u00bbno-extra-padding\u00bb column_padding_position=\u00bball\u00bb background_color_opacity=\u00bb1&#8243; background_hover_color_opacity=\u00bb1&#8243; column_link_target=\u00bb_self\u00bb column_shadow=\u00bbnone\u00bb column_border_radius=\u00bbnone\u00bb width=\u00bb1\/6&#8243; tablet_width_inherit=\u00bbdefault\u00bb tablet_text_alignment=\u00bbdefault\u00bb phone_text_alignment=\u00bbdefault\u00bb column_border_width=\u00bbnone\u00bb column_border_style=\u00bbsolid\u00bb bg_image_animation=\u00bbnone\u00bb offset=\u00bbvc_hidden-sm vc_hidden-xs\u00bb][\/vc_column][\/vc_row]\n","protected":false},"excerpt":{"rendered":"<p>[vc_row type=\u00bbfull_width_background\u00bb full_screen_row_position=\u00bbmiddle\u00bb bg_color=\u00bb#f2f2f2&#8243; scene_position=\u00bbcenter\u00bb text_color=\u00bbdark\u00bb text_align=\u00bbleft\u00bb top_padding=\u00bb10%\u00bb bottom_padding=\u00bb5%\u00bb overlay_strength=\u00bb0.5&#8243; shape_divider_position=\u00bbbottom\u00bb bg_image_animation=\u00bbnone\u00bb parallax_bg=\u00bbtrue\u00bb parallax_bg_speed=\u00bbfast\u00bb shape_type=\u00bb\u00bb][vc_column column_padding=\u00bbno-extra-padding\u00bb column_padding_position=\u00bball\u00bb background_color_opacity=\u00bb1&#8243; background_hover_color_opacity=\u00bb1&#8243; column_link_target=\u00bb_self\u00bb column_shadow=\u00bbnone\u00bb column_border_radius=\u00bbnone\u00bb width=\u00bb1\/1&#8243; tablet_width_inherit=\u00bbdefault\u00bb tablet_text_alignment=\u00bbdefault\u00bb phone_text_alignment=\u00bbdefault\u00bb column_border_width=\u00bbnone\u00bb column_border_style=\u00bbsolid\u00bb bg_image_animation=\u00bbnone\u00bb][vc_custom_heading text=\u00bbPrivacy\u00bb font_container=\u00bbtag:h2|text_align:center\u00bb use_theme_fonts=\u00bbyes\u00bb][\/vc_column][\/vc_row][vc_row&#8230;<\/p>\n","protected":false},"author":1,"featured_media":0,"parent":0,"menu_order":67,"comment_status":"closed","ping_status":"closed","template":"","meta":{"_acf_changed":false,"footnotes":""},"class_list":["post-7909","page","type-page","status-publish"],"acf":[],"_links":{"self":[{"href":"https:\/\/ttm.it\/es\/wp-json\/wp\/v2\/pages\/7909","targetHints":{"allow":["GET"]}}],"collection":[{"href":"https:\/\/ttm.it\/es\/wp-json\/wp\/v2\/pages"}],"about":[{"href":"https:\/\/ttm.it\/es\/wp-json\/wp\/v2\/types\/page"}],"author":[{"embeddable":true,"href":"https:\/\/ttm.it\/es\/wp-json\/wp\/v2\/users\/1"}],"replies":[{"embeddable":true,"href":"https:\/\/ttm.it\/es\/wp-json\/wp\/v2\/comments?post=7909"}],"version-history":[{"count":2,"href":"https:\/\/ttm.it\/es\/wp-json\/wp\/v2\/pages\/7909\/revisions"}],"predecessor-version":[{"id":7920,"href":"https:\/\/ttm.it\/es\/wp-json\/wp\/v2\/pages\/7909\/revisions\/7920"}],"wp:attachment":[{"href":"https:\/\/ttm.it\/es\/wp-json\/wp\/v2\/media?parent=7909"}],"curies":[{"name":"wp","href":"https:\/\/api.w.org\/{rel}","templated":true}]}}